{"id":9193,"date":"2021-10-02T15:32:41","date_gmt":"2021-10-02T18:32:41","guid":{"rendered":"https:\/\/grupomatulateatro.com\/?page_id=9193"},"modified":"2026-01-13T15:54:03","modified_gmt":"2026-01-13T18:54:03","slug":"agenda","status":"publish","type":"page","link":"https:\/\/grupomatulateatro.com\/es\/agenda\/","title":{"rendered":"Agenda"},"content":{"rendered":"<div id=\"fws_69f212d7a6217\" class=\"wpb_row vc_row vc_row-fluid  animate_onoffset row-dynamic-el standard_section    normal\"  style=\"\"><div  style=\"position: absolute;top: 0;\"><\/div><div class=\"container  dark\"><div class=\"section_clear\"><div class=\"wpb_column column_container wpb_column vc_column_container vc_col-sm-12\"><div class=\"vc_column-inner\"  style=\"\" data-animation=\"none\" data-delay=\"\"><div class=\"wpb_wrapper\">\n\t<div class=\"wpb_text_column wpb_content_element\">\n\t\t<div class=\"wpb_wrapper\">\n\t\t\t<script>\t\tjQuery(function() {setTimeout(function(){\t\t\tjQuery(\"#lbg_evento_6\").lbg_evento({\t\t\t\tnowDate:\"2026\/4\/29-14:16\",\t\t\t\twidth:1200,\t\t\t\tmonths_area_width:170,\t\t\t\tmonths_area_color:\"#ffffff\",\t\t\t\tcenterPlugin:false,\t\t\t\teventsListVerticalPadding:20,\t\t\t\teventsListHorizontalPadding:10,\t\t\t\teventTitleLeftMargin:15,\t\t\t\teventFirstDateFontSize:92,\t\t\t\teventSecondDateFontSize:20,\t\t\t\teventSecondDateMonthFontSize:13,\t\t\t\teventTitleFontSize:27,\t\t\t\teventInitialDetailsFontSize:14,\t\t\t\teventBottomBorderColor:\"#CCCCCC\",\t\t\t\teventBackgroundColor_odd:\"#ffffff\",\t\t\t\teventBackgroundColor_even:\"#ebebeb\",\t\t\t\teventBgDayColor_odd:\"#da0000\",\t\t\t\teventBgDayColor_even:\"#000000\",\t\t\t\teventDateColor_odd:\"#444444\",\t\t\t\teventDateColor_even:\"#444444\",\t\t\t\teventTitleColor_odd:\"#444444\",\t\t\t\teventTitleColor_even:\"#444444\",\t\t\t\teventInitialDetailsColor_odd:\"#444444\",\t\t\t\teventInitialDetailsColor_even:\"#444444\",\t\t\t\tdressCode:\"Dress code\",\t\t\t\tdressCodeFontSize:13,\t\t\t\tdressCodeColor_odd:\"#808080\",\t\t\t\tdressCodeColor_even:\"#808080\",\t\t\t\tsocialIconsColor_odd:\"#000000\",\t\t\t\tsocialIconsColor_even:\"#FFFFFF\",\t\t\t\tshortmonth_arr:[\"Jan\", \"Fev\", \"Mar\", \"Abr\", \"Mai\", \"Jun\", \"Jul\", \"Ago\", \"Set\", \"Out\", \"Nov\", \"Dez\"],\t\t\t\tlongdays_arr:[\"Domingo\", \"Segunda\", \"Ter\u00e7a\", \"Quarta\", \"Quinta\", \"Sexta\", \"S\u00e1bado\"],\t\t\t\teventDaysBgColors_arr:[\"#fff000\", \"#00ffe0\", \"#ff780a\", \"#c96bb6\", \"#00ff36\", \"#ff00a8\", \"#008aff\"],\t\t\t\teventDaysColor:\"#FFFFFF\",\t\t\t\tuse24HoursFormat:true,\t\t\t\tnoEventsAvailableText:\"Nenhum evento dispon\u00edvel para este m\u00eas\",\t\t\t\teventCancelledText:\"Cancelado\",\t\t\t\tfullCalendarOnLeft:true,\t\t\t\tleftSideCalendarDaysColor:\"#707275\",\t\t\t\tleftSideCalendarPastMonthDaysColor:\"#aaaaaa\",\t\t\t\tleftSideCalendarNextMonthDaysColor:\"#aaaaaa\",\t\t\t\tleftSideCalendarCurrentDayColor:\"#00ffe0\",\t\t\t\tleftSideCalendarEventDaysColor:\"#0000CC\",\t\t\t\tleftSideCalendarEventDaysBgColor:\"#00ffe0\",\t\t\t\tleftSideCalendarDaysNameColor:\"#000000\",\t\t\t\tyearColor:\"#a3a3a3\",\t\t\t\tmonthColor:\"#444444\",\t\t\t\tmonthYearLineSeparatorColor:\"#da0000\",\t\t\t\tmonthsNextPrevArrowsColor:\"#d1d1d1\",\t\t\t\tdetailsTitle:\"Detalhes\",\t\t\t\twhenWhereTitle:\"Quando e onde\",\t\t\t\torganizerTitle:\"Organizador\",\t\t\t\tmoreDetailsText:\"mais detalhes aqui\",\t\t\t\tmoreDetailsTarget:\"_blank\",\t\t\t\tshowFacebookBut:true,\t\t\t\tshowTwitterBut:true,\t\t\t\tshowPinterestBut:true,\t\t\t\tshowMonthFirstForDate:false,\t\t\t\tshowEndDate:true,\t\t\t\tshowEndedEvents:true,\t\t\t\tshowMonthsWithoutEvents:true,\t\t\t\tsearchInputText:\"search...\",\t\t\t\tbookNowText:\"\",\t\t\t\tbookNowLinkTarget:\"_self\",\t\t\t\tendedText:\"Fim\"\t\t\t});}, 100);\t\t});\t<\/script>    <div id=\"lbg_evento_6\">\t\t\t\t<div class=\"lbg_xeventslist\"><ul>\t\t                   <li class=\"xtitle\">T\u00c1 NA MESA - Sesi Piracicaba<\/li>\t\t                   <li class=\"xstartdate\">1\/19\/2026-9:30<\/li>\t\t                   <li class=\"xenddate\">1\/19\/2026-10:30<\/li>\t\t                   <li class=\"xaddress\"><\/li>\t\t                   <li class=\"xmainimage\">https:\/\/grupomatulateatro.com\/wp-content\/uploads\/2023\/08\/20230701_tanamesa_fotoninapires-431-scaled.jpg<\/li>\t\t                   <li class=\"xdetails\">Apresenta\u00e7\u00e3o para professores da rede Sesi de Ensino<\/li>\t\t\t\t\t\t\t\t\t\t\t <li class=\"xbooknowlink\"><\/li>\t\t                   <li class=\"xorganizer_logo\"><\/li>\t\t                   <li class=\"xorganizer_info\"><\/li>\t\t                   <li class=\"xmoreinfolink\">https:\/\/grupomatulateatro.com\/ta-na-mesa-sesi-piracicaba\/<\/li>\t\t                   <li class=\"xdresscode\"><\/li>\t\t                   <li class=\"xcancelled\">0<\/li>\t\t              <\/ul><ul>\t\t                   <li class=\"xtitle\">T\u00c1 NA MESA - Espa\u00e7o Cupinzeiro, Campinas<\/li>\t\t                   <li class=\"xstartdate\">4\/26\/2026-18:0<\/li>\t\t                   <li class=\"xenddate\">4\/26\/2026-19:0<\/li>\t\t                   <li class=\"xaddress\"><\/li>\t\t                   <li class=\"xmainimage\">https:\/\/grupomatulateatro.com\/wp-content\/uploads\/2023\/08\/20230701_tanamesa_fotoninapires-262-scaled.jpg<\/li>\t\t                   <li class=\"xdetails\">Apresenta\u00e7\u00e3o no Espa\u00e7o Cupinzeiro, em Bar\u00e3o Geraldo, Campinas- em breve mais informa\u00e7\u00f5es! - <\/li>\t\t\t\t\t\t\t\t\t\t\t <li class=\"xbooknowlink\"><\/li>\t\t                   <li class=\"xorganizer_logo\"><\/li>\t\t                   <li class=\"xorganizer_info\"><\/li>\t\t                   <li class=\"xmoreinfolink\">https:\/\/grupomatulateatro.com\/ta-na-mesa-espaco-cupinzeiro-campinas\/<\/li>\t\t                   <li class=\"xdresscode\"><\/li>\t\t                   <li class=\"xcancelled\">0<\/li>\t\t              <\/ul><ul>\t\t                   <li class=\"xtitle\">T\u00c1 NA MESA - II Encontro Arte e Territ\u00f3rio<\/li>\t\t                   <li class=\"xstartdate\">5\/22\/2026-18:0<\/li>\t\t                   <li class=\"xenddate\">5\/24\/2026-19:0<\/li>\t\t                   <li class=\"xaddress\"><\/li>\t\t                   <li class=\"xmainimage\">https:\/\/grupomatulateatro.com\/wp-content\/uploads\/2023\/08\/capa-site-min.png<\/li>\t\t                   <li class=\"xdetails\">Apresenta\u00e7\u00e3o na Unicamp, integrando a programa\u00e7\u00e3o do II ENCONTRO ARTE E TERRIT\u00d3RIO Parceria entre Teima Coletiva e Matula Teatro! - em breve mais informa\u00e7\u00f5es! - <\/li>\t\t\t\t\t\t\t\t\t\t\t <li class=\"xbooknowlink\"><\/li>\t\t                   <li class=\"xorganizer_logo\"><\/li>\t\t                   <li class=\"xorganizer_info\"><\/li>\t\t                   <li class=\"xmoreinfolink\">https:\/\/grupomatulateatro.com\/teste\/<\/li>\t\t                   <li class=\"xdresscode\"><\/li>\t\t                   <li class=\"xcancelled\">0<\/li>\t\t              <\/ul><\/div>     <\/div>\t\t <br style=\"clear:both;\">\n\n\t\t<\/div> \n\t<\/div> <\/div><\/div><\/div><\/div><\/div><\/div>","protected":false},"excerpt":{"rendered":"T\u00c1 NA MESA - Sesi Piracicaba 1\/19\/2026-9:30 1\/19\/2026-10:30 https:\/\/grupomatulateatro.com\/wp-content\/uploads\/2023\/08\/20230701_tanamesa_fotoninapires-431-scaled.jpg Apresenta\u00e7\u00e3o para professores da rede Sesi de Ensino https:\/\/grupomatulateatro.com\/ta-na-mesa-sesi-piracicaba\/ 0 T\u00c1 NA MESA - Espa\u00e7o Cupinzeiro, Campinas 4\/26\/2026-18:0 4\/26\/2026-19:0 https:\/\/grupomatulateatro.com\/wp-content\/uploads\/2023\/08\/20230701_tanamesa_fotoninapires-262-scaled.jpg Apresenta\u00e7\u00e3o no Espa\u00e7o Cupinzeiro, em Bar\u00e3o Geraldo, Campinas- em breve mais informa\u00e7\u00f5es! - https:\/\/grupomatulateatro.com\/ta-na-mesa-espaco-cupinzeiro-campinas\/ 0 T\u00c1 NA MESA - II Encontro Arte e Territ\u00f3rio 5\/22\/2026-18:0 5\/24\/2026-19:0 [...]","protected":false},"author":1,"featured_media":0,"parent":0,"menu_order":0,"comment_status":"closed","ping_status":"closed","template":"","meta":{"footnotes":""},"class_list":["post-9193","page","type-page","status-publish","hentry"],"_links":{"self":[{"href":"https:\/\/grupomatulateatro.com\/es\/wp-json\/wp\/v2\/pages\/9193","targetHints":{"allow":["GET"]}}],"collection":[{"href":"https:\/\/grupomatulateatro.com\/es\/wp-json\/wp\/v2\/pages"}],"about":[{"href":"https:\/\/grupomatulateatro.com\/es\/wp-json\/wp\/v2\/types\/page"}],"author":[{"embeddable":true,"href":"https:\/\/grupomatulateatro.com\/es\/wp-json\/wp\/v2\/users\/1"}],"replies":[{"embeddable":true,"href":"https:\/\/grupomatulateatro.com\/es\/wp-json\/wp\/v2\/comments?post=9193"}],"version-history":[{"count":2,"href":"https:\/\/grupomatulateatro.com\/es\/wp-json\/wp\/v2\/pages\/9193\/revisions"}],"predecessor-version":[{"id":10464,"href":"https:\/\/grupomatulateatro.com\/es\/wp-json\/wp\/v2\/pages\/9193\/revisions\/10464"}],"wp:attachment":[{"href":"https:\/\/grupomatulateatro.com\/es\/wp-json\/wp\/v2\/media?parent=9193"}],"curies":[{"name":"wp","href":"https:\/\/api.w.org\/{rel}","templated":true}]}}