{"id":9183,"date":"2021-10-02T15:31:19","date_gmt":"2021-10-02T18:31:19","guid":{"rendered":"https:\/\/grupomatulateatro.com\/?page_id=9183"},"modified":"2025-12-16T15:44:44","modified_gmt":"2025-12-16T18:44:44","slug":"cine-matula","status":"publish","type":"page","link":"https:\/\/grupomatulateatro.com\/en\/cine-matula\/","title":{"rendered":"Cine Matula"},"content":{"rendered":"<div id=\"fws_69f211eb4c12e\" class=\"wpb_row vc_row vc_row-fluid  animate_onoffset row-dynamic-el standard_section    normal\"  style=\"\"><div  style=\"position: absolute;top: 0;\"><\/div><div class=\"container  dark\"><div class=\"section_clear\"><div class=\"wpb_column column_container wpb_column vc_column_container vc_col-sm-12\"><div class=\"vc_column-inner\"  style=\"\" data-animation=\"none\" data-delay=\"\"><div class=\"wpb_wrapper\">\n\t<div class=\"wpb_text_column wpb_content_element\">\n\t\t<div class=\"wpb_wrapper\">\n\t\t\t<p style=\"text-align: center;\"><span style=\"font-weight: 400;\">Nesta p\u00e1gina do site voc\u00ea pode encontrar diferentes produ\u00e7\u00f5es audiovisuais e rastros de processos criativos da trajet\u00f3ria Matula.\u00a0<\/span><\/p>\n<p style=\"text-align: center;\"><span style=\"font-weight: 400;\">No CINE MATULA est\u00e3o dispon\u00edveis v\u00eddeos de espet\u00e1culos fora de repert\u00f3rio, uma webs\u00e9rie produzida em 2015 durante projeto de circula\u00e7\u00e3o, document\u00e1rios sobre processos de cria\u00e7\u00e3o, registros do projeto Po\u00e9ticas na Vila, e outras surpresas\u2026 Pode pegar a pipoca pra acompanhar essa degusta\u00e7\u00e3o!\u00a0<\/span><\/p>\n\n\t\t<\/div> \n\t<\/div> <\/div><\/div><\/div><\/div><\/div><\/div><div id=\"fws_69f211eb4cf3a\" class=\"wpb_row vc_row vc_row-fluid  animate_onoffset row-dynamic-el standard_section    normal\"  style=\"\"><div  style=\"position: absolute;top: 0;\"><\/div><div class=\"container  dark\"><div class=\"section_clear\"><div class=\"wpb_column column_container wpb_column vc_column_container vc_col-sm-12\"><div class=\"vc_column-inner\"  style=\"\" data-animation=\"none\" data-delay=\"\"><div class=\"wpb_wrapper\"><div class=\"wpb_content_element block_title section_title inner-square\"><span class=\"divider\"><span class=\"line\"><\/span><\/span><h1>Trilogia Circo K<\/h1><p style=\"padding:0 22%;\">Realizado em parceria com a Boa Companhia. Contemplado pelo Edital Procultura, da Funarte &#8211; Funda\u00e7\u00e3o Nacional das Artes, para realiza\u00e7\u00e3o em 2012.<\/p>\n<p><\/p><\/div><\/div><\/div><\/div><div class=\"wpb_column column_container wpb_column vc_column_container vc_col-sm-4\"><div class=\"vc_column-inner\"  style=\"\" data-animation=\"none\" data-delay=\"\"><div class=\"wpb_wrapper\">\n\t<div class=\"wpb_video_widget wpb_content_element vc_clearfix   vc_video-aspect-ratio-169 vc_video-el-width-100 vc_video-align-left\" >\n\t\t<div class=\"wpb_wrapper\">\n\t\t\t\n\t\t\t<div class=\"wpb_video_wrapper\"><iframe loading=\"lazy\" title=\"Document\u00e1rio Um Artista da Fome\" width=\"940\" height=\"529\" src=\"https:\/\/www.youtube.com\/embed\/HUhYRpZh-Cc?start=3&feature=oembed\" frameborder=\"0\" allow=\"accelerometer; autoplay; clipboard-write; encrypted-media; gyroscope; picture-in-picture\" allowfullscreen><\/iframe><\/div>\n\t\t<\/div>\n\t<\/div>\n<\/div><\/div><\/div><div class=\"wpb_column column_container wpb_column vc_column_container vc_col-sm-4\"><div class=\"vc_column-inner\"  style=\"\" data-animation=\"none\" data-delay=\"\"><div class=\"wpb_wrapper\">\n\t<div class=\"wpb_video_widget wpb_content_element vc_clearfix   vc_video-aspect-ratio-169 vc_video-el-width-100 vc_video-align-left\" >\n\t\t<div class=\"wpb_wrapper\">\n\t\t\t\n\t\t\t<div class=\"wpb_video_wrapper\"><iframe loading=\"lazy\" title=\"Document\u00e1rio Na Galeria\" width=\"940\" height=\"529\" src=\"https:\/\/www.youtube.com\/embed\/HS3NKSsPS_U?start=383&feature=oembed\" frameborder=\"0\" allow=\"accelerometer; autoplay; clipboard-write; encrypted-media; gyroscope; picture-in-picture\" allowfullscreen><\/iframe><\/div>\n\t\t<\/div>\n\t<\/div>\n<\/div><\/div><\/div><div class=\"wpb_column column_container wpb_column vc_column_container vc_col-sm-4\"><div class=\"vc_column-inner\"  style=\"\" data-animation=\"none\" data-delay=\"\"><div class=\"wpb_wrapper\">\n\t<div class=\"wpb_video_widget wpb_content_element vc_clearfix   vc_video-aspect-ratio-169 vc_video-el-width-100 vc_video-align-left\" >\n\t\t<div class=\"wpb_wrapper\">\n\t\t\t\n\t\t\t<div class=\"wpb_video_wrapper\"><iframe loading=\"lazy\" title=\"Document\u00e1rio Gran Circo Ma\u0301ximo\" width=\"940\" height=\"529\" src=\"https:\/\/www.youtube.com\/embed\/kS1JcZcrtE0?start=33&feature=oembed\" frameborder=\"0\" allow=\"accelerometer; autoplay; clipboard-write; encrypted-media; gyroscope; picture-in-picture\" allowfullscreen><\/iframe><\/div>\n\t\t<\/div>\n\t<\/div>\n<\/div><\/div><\/div><\/div><\/div><\/div><div id=\"fws_69f211eb4fb26\" class=\"wpb_row vc_row vc_row-fluid  animate_onoffset row-dynamic-el standard_section    normal\"  style=\"\"><div  style=\"position: absolute;top: 0;\"><\/div><div class=\"container  dark\"><div class=\"section_clear\"><div class=\"wpb_column column_container wpb_column vc_column_container vc_col-sm-12\"><div class=\"vc_column-inner\"  style=\"\" data-animation=\"none\" data-delay=\"\"><div class=\"wpb_wrapper\"><div class=\"wpb_content_element block_title section_title inner-square\"><span class=\"divider\"><span class=\"line\"><\/span><\/span><h1>Webs\u00e9rie IMAGO - JOGOS CORTAZIANOS<\/h1><p style=\"padding:0 22%;\">Produzida em 2015, durante projeto de circula\u00e7\u00e3o realizado com apoio do Proac Editais, da Secretaria de Estado da Cultura de S\u00e3o Paulo.<\/p><\/div><\/div><\/div><\/div><\/div><\/div><\/div><div id=\"fws_69f211eb501ad\" class=\"wpb_row vc_row vc_row-fluid  animate_onoffset row-dynamic-el standard_section    normal\"  style=\"\"><div  style=\"position: absolute;top: 0;\"><\/div><div class=\"container  dark\"><div class=\"section_clear\"><div class=\"wpb_column column_container wpb_column vc_column_container vc_col-sm-3\"><div class=\"vc_column-inner\"  style=\"\" data-animation=\"none\" data-delay=\"\"><div class=\"wpb_wrapper\">\n\t<div class=\"wpb_video_widget wpb_content_element vc_clearfix   vc_video-aspect-ratio-169 vc_video-el-width-100 vc_video-align-left\" >\n\t\t<div class=\"wpb_wrapper\">\n\t\t\t\n\t\t\t<div class=\"wpb_video_wrapper\"><iframe loading=\"lazy\" title=\"Webs\u00e9rie IMAGO - Jogos Cortazianos  #1\" width=\"940\" height=\"529\" src=\"https:\/\/www.youtube.com\/embed\/gyDZ9bBOaBo?feature=oembed\" frameborder=\"0\" allow=\"accelerometer; autoplay; clipboard-write; encrypted-media; gyroscope; picture-in-picture\" allowfullscreen><\/iframe><\/div>\n\t\t<\/div>\n\t<\/div>\n<\/div><\/div><\/div><div class=\"wpb_column column_container wpb_column vc_column_container vc_col-sm-3\"><div class=\"vc_column-inner\"  style=\"\" data-animation=\"none\" data-delay=\"\"><div class=\"wpb_wrapper\">\n\t<div class=\"wpb_video_widget wpb_content_element vc_clearfix   vc_video-aspect-ratio-169 vc_video-el-width-100 vc_video-align-left\" >\n\t\t<div class=\"wpb_wrapper\">\n\t\t\t\n\t\t\t<div class=\"wpb_video_wrapper\"><iframe loading=\"lazy\" title=\"Webs\u00e9rie IMAGO - Jogos Cortazianos #2\" width=\"940\" height=\"529\" src=\"https:\/\/www.youtube.com\/embed\/T_zkBddJYb4?feature=oembed\" frameborder=\"0\" allow=\"accelerometer; autoplay; clipboard-write; encrypted-media; gyroscope; picture-in-picture\" allowfullscreen><\/iframe><\/div>\n\t\t<\/div>\n\t<\/div>\n<\/div><\/div><\/div><div class=\"wpb_column column_container wpb_column vc_column_container vc_col-sm-3\"><div class=\"vc_column-inner\"  style=\"\" data-animation=\"none\" data-delay=\"\"><div class=\"wpb_wrapper\">\n\t<div class=\"wpb_video_widget wpb_content_element vc_clearfix   vc_video-aspect-ratio-169 vc_video-el-width-100 vc_video-align-left\" >\n\t\t<div class=\"wpb_wrapper\">\n\t\t\t\n\t\t\t<div class=\"wpb_video_wrapper\"><iframe loading=\"lazy\" title=\"Webs\u00e9rie IMAGO - Jogos  Cortazianos #3\" width=\"940\" height=\"529\" src=\"https:\/\/www.youtube.com\/embed\/G0oSZIPsvcc?feature=oembed\" frameborder=\"0\" allow=\"accelerometer; autoplay; clipboard-write; encrypted-media; gyroscope; picture-in-picture\" allowfullscreen><\/iframe><\/div>\n\t\t<\/div>\n\t<\/div>\n<\/div><\/div><\/div><div class=\"wpb_column column_container wpb_column vc_column_container vc_col-sm-3\"><div class=\"vc_column-inner\"  style=\"\" data-animation=\"none\" data-delay=\"\"><div class=\"wpb_wrapper\">\n\t<div class=\"wpb_video_widget wpb_content_element vc_clearfix   vc_video-aspect-ratio-169 vc_video-el-width-100 vc_video-align-left\" >\n\t\t<div class=\"wpb_wrapper\">\n\t\t\t\n\t\t\t<div class=\"wpb_video_wrapper\"><iframe loading=\"lazy\" title=\"Webs\u00e9rie IMAGO - Jogos cortazianos #4\" width=\"940\" height=\"529\" src=\"https:\/\/www.youtube.com\/embed\/hSOxWRO1Iao?feature=oembed\" frameborder=\"0\" allow=\"accelerometer; autoplay; clipboard-write; encrypted-media; gyroscope; picture-in-picture\" allowfullscreen><\/iframe><\/div>\n\t\t<\/div>\n\t<\/div>\n<\/div><\/div><\/div><\/div><\/div><\/div><div id=\"fws_69f211eb535a1\" class=\"wpb_row vc_row vc_row-fluid  animate_onoffset row-dynamic-el standard_section    normal\"  style=\"\"><div  style=\"position: absolute;top: 0;\"><\/div><div class=\"container  dark\"><div class=\"section_clear\"><div class=\"wpb_column column_container wpb_column vc_column_container vc_col-sm-12\"><div class=\"vc_column-inner\"  style=\"\" data-animation=\"none\" data-delay=\"\"><div class=\"wpb_wrapper\"><div class=\"wpb_content_element block_title section_title inner-square\"><span class=\"divider\"><span class=\"line\"><\/span><\/span><h1>Document\u00e1rio C\u00eanico UM CONTO INFINITO<\/h1><p style=\"padding:0 22%;\">Produzido em 2016, esse document\u00e1rio c\u00eanico mostra o processo de cria\u00e7\u00e3o do espet\u00e1culo UM CONTO INFINITO, contemplado com o Edital Proac Montagem e Temporada de Espet\u00e1culo de Teatro In\u00e9dito 2015.<\/p><\/div><\/div><\/div><\/div><\/div><\/div><\/div><div id=\"fws_69f211eb53f24\" class=\"wpb_row vc_row vc_row-fluid  animate_onoffset row-dynamic-el standard_section    normal\"  style=\"\"><div  style=\"position: absolute;top: 0;\"><\/div><div class=\"container  dark\"><div class=\"section_clear\"><div class=\"wpb_column column_container wpb_column vc_column_container vc_col-sm-6\"><div class=\"vc_column-inner\"  style=\"\" data-animation=\"none\" data-delay=\"\"><div class=\"wpb_wrapper\">\n\t<div class=\"wpb_video_widget wpb_content_element vc_clearfix   vc_video-aspect-ratio-169 vc_video-el-width-100 vc_video-align-left\" >\n\t\t<div class=\"wpb_wrapper\">\n\t\t\t\n\t\t\t<div class=\"wpb_video_wrapper\"><iframe loading=\"lazy\" title=\"Document\u00e1rio C\u00eanico UM CONTO INFINITO\" width=\"940\" height=\"529\" src=\"https:\/\/www.youtube.com\/embed\/CQsPeP2GArM?feature=oembed\" frameborder=\"0\" allow=\"accelerometer; autoplay; clipboard-write; encrypted-media; gyroscope; picture-in-picture\" allowfullscreen><\/iframe><\/div>\n\t\t<\/div>\n\t<\/div>\n<\/div><\/div><\/div><div class=\"wpb_column column_container wpb_column vc_column_container vc_col-sm-6\"><div class=\"vc_column-inner\"  style=\"\" data-animation=\"none\" data-delay=\"\"><div class=\"wpb_wrapper\"><\/div><\/div><\/div><\/div><\/div><\/div><div id=\"fws_69f211eb55314\" class=\"wpb_row vc_row vc_row-fluid  animate_onoffset row-dynamic-el standard_section    normal\"  style=\"\"><div  style=\"position: absolute;top: 0;\"><\/div><div class=\"container  dark\"><div class=\"section_clear\"><div class=\"wpb_column column_container wpb_column vc_column_container vc_col-sm-12\"><div class=\"vc_column-inner\"  style=\"\" data-animation=\"none\" data-delay=\"\"><div class=\"wpb_wrapper\"><div class=\"wpb_content_element block_title section_title inner-square\"><span class=\"divider\"><span class=\"line\"><\/span><\/span><h1>PO\u00c9TICAS DA VILA - EPIFANIAS DO COTIDIANO<\/h1><p style=\"padding:0 22%;\">Registros do Projeto PO\u00c9TICAS DA VILA &#8211; EPIFANIAS DO COTIDIANO, sonhado e realizado pelo Matula Teatro e pela Boa Companhia. Contemplado pelo Edital Proac &#8211; Territ\u00f3rio das Artes (2014).<\/p><\/div><\/div><\/div><\/div><\/div><\/div><\/div><div id=\"fws_69f211eb55c4c\" class=\"wpb_row vc_row vc_row-fluid  animate_onoffset row-dynamic-el standard_section    normal\"  style=\"\"><div  style=\"position: absolute;top: 0;\"><\/div><div class=\"container  dark\"><div class=\"section_clear\"><div class=\"wpb_column column_container wpb_column vc_column_container vc_col-sm-1\/5\"><div class=\"vc_column-inner\"  style=\"\" data-animation=\"none\" data-delay=\"\"><div class=\"wpb_wrapper\">\n\t<div class=\"wpb_video_widget wpb_content_element vc_clearfix   vc_video-aspect-ratio-169 vc_video-el-width-100 vc_video-align-left\" >\n\t\t<div class=\"wpb_wrapper\">\n\t\t\t\n\t\t\t<div class=\"wpb_video_wrapper\"><iframe loading=\"lazy\" title=\"Serenatas - Po\u00e9ticas da Vila\" width=\"940\" height=\"529\" src=\"https:\/\/www.youtube.com\/embed\/a_j_tdgipKA?feature=oembed\" frameborder=\"0\" allow=\"accelerometer; autoplay; clipboard-write; encrypted-media; gyroscope; picture-in-picture\" allowfullscreen><\/iframe><\/div>\n\t\t<\/div>\n\t<\/div>\n<\/div><\/div><\/div><div class=\"wpb_column column_container wpb_column vc_column_container vc_col-sm-1\/5\"><div class=\"vc_column-inner\"  style=\"\" data-animation=\"none\" data-delay=\"\"><div class=\"wpb_wrapper\">\n\t<div class=\"wpb_video_widget wpb_content_element vc_clearfix   vc_video-aspect-ratio-169 vc_video-el-width-100 vc_video-align-left\" >\n\t\t<div class=\"wpb_wrapper\">\n\t\t\t\n\t\t\t<div class=\"wpb_video_wrapper\"><iframe loading=\"lazy\" title=\"Oficina &quot;A Performance&quot; - Po\u00e9ticas da Vila&quot;\" width=\"940\" height=\"529\" src=\"https:\/\/www.youtube.com\/embed\/RRxGSNlyJlI?feature=oembed\" frameborder=\"0\" allow=\"accelerometer; autoplay; clipboard-write; encrypted-media; gyroscope; picture-in-picture\" allowfullscreen><\/iframe><\/div>\n\t\t<\/div>\n\t<\/div>\n<\/div><\/div><\/div><div class=\"wpb_column column_container wpb_column vc_column_container vc_col-sm-1\/5\"><div class=\"vc_column-inner\"  style=\"\" data-animation=\"none\" data-delay=\"\"><div class=\"wpb_wrapper\">\n\t<div class=\"wpb_video_widget wpb_content_element vc_clearfix   vc_video-aspect-ratio-169 vc_video-el-width-100 vc_video-align-left\" >\n\t\t<div class=\"wpb_wrapper\">\n\t\t\t\n\t\t\t<div class=\"wpb_video_wrapper\"><iframe loading=\"lazy\" title=\"Oficina &quot;A Palavra&quot; - Po\u00e9ticas da Vila\" width=\"940\" height=\"529\" src=\"https:\/\/www.youtube.com\/embed\/9KvcSccx1zM?feature=oembed\" frameborder=\"0\" allow=\"accelerometer; autoplay; clipboard-write; encrypted-media; gyroscope; picture-in-picture\" allowfullscreen><\/iframe><\/div>\n\t\t<\/div>\n\t<\/div>\n<\/div><\/div><\/div><div class=\"wpb_column column_container wpb_column vc_column_container vc_col-sm-1\/5\"><div class=\"vc_column-inner\"  style=\"\" data-animation=\"none\" data-delay=\"\"><div class=\"wpb_wrapper\">\n\t<div class=\"wpb_video_widget wpb_content_element vc_clearfix   vc_video-aspect-ratio-169 vc_video-el-width-100 vc_video-align-left\" >\n\t\t<div class=\"wpb_wrapper\">\n\t\t\t\n\t\t\t<div class=\"wpb_video_wrapper\"><iframe loading=\"lazy\" title=\"&quot;A\u00e7\u00f5es Perform\u00e1ticas&quot; - Po\u00e9ticas da Vila\" width=\"940\" height=\"529\" src=\"https:\/\/www.youtube.com\/embed\/SSsyuv9It38?feature=oembed\" frameborder=\"0\" allow=\"accelerometer; autoplay; clipboard-write; encrypted-media; gyroscope; picture-in-picture\" allowfullscreen><\/iframe><\/div>\n\t\t<\/div>\n\t<\/div>\n<\/div><\/div><\/div><div class=\"wpb_column column_container wpb_column vc_column_container vc_col-sm-1\/5\"><div class=\"vc_column-inner\"  style=\"\" data-animation=\"none\" data-delay=\"\"><div class=\"wpb_wrapper\">\n\t<div class=\"wpb_video_widget wpb_content_element vc_clearfix   vc_video-aspect-ratio-169 vc_video-el-width-100 vc_video-align-left\" >\n\t\t<div class=\"wpb_wrapper\">\n\t\t\t\n\t\t\t<div class=\"wpb_video_wrapper\"><iframe loading=\"lazy\" title=\"Oficina &quot;A M\u00fasica&quot; - Po\u00e9ticas da Vila\" width=\"940\" height=\"529\" src=\"https:\/\/www.youtube.com\/embed\/IoG2ElQ07Fg?feature=oembed\" frameborder=\"0\" allow=\"accelerometer; autoplay; clipboard-write; encrypted-media; gyroscope; picture-in-picture\" allowfullscreen><\/iframe><\/div>\n\t\t<\/div>\n\t<\/div>\n<\/div><\/div><\/div><\/div><\/div><\/div><div id=\"fws_69f211eb59bcc\" class=\"wpb_row vc_row vc_row-fluid  animate_onoffset row-dynamic-el standard_section    normal\"  style=\"\"><div  style=\"position: absolute;top: 0;\"><\/div><div class=\"container  dark\"><div class=\"section_clear\"><div class=\"wpb_column column_container wpb_column vc_column_container vc_col-sm-12\"><div class=\"vc_column-inner\"  style=\"\" data-animation=\"none\" data-delay=\"\"><div class=\"wpb_wrapper\"><div class=\"wpb_content_element block_title section_title inner-square\"><span class=\"divider\"><span class=\"line\"><\/span><\/span><h1>CORTEJO NA VILA SANTA ISABEL<\/h1><p style=\"padding:0 22%;\">Cortejo realizado em dezembro de 2021, nas ruas da Vila Santa Isabel, bairro em que est\u00e1 a sede do Matula Teatro. Com recursos do Edital Proac Lab 47\/2020 &#8211; Premia\u00e7\u00e3o por Trajet\u00f3ria (Teatro).<\/p><\/div><\/div><\/div><\/div><\/div><\/div><\/div><div id=\"fws_69f211eb5a168\" class=\"wpb_row vc_row vc_row-fluid  animate_onoffset row-dynamic-el standard_section    normal\"  style=\"\"><div  style=\"position: absolute;top: 0;\"><\/div><div class=\"container  dark\"><div class=\"section_clear\"><div class=\"wpb_column column_container wpb_column vc_column_container vc_col-sm-6\"><div class=\"vc_column-inner\"  style=\"\" data-animation=\"none\" data-delay=\"\"><div class=\"wpb_wrapper\">\n\t<div class=\"wpb_video_widget wpb_content_element vc_clearfix   vc_video-aspect-ratio-169 vc_video-el-width-100 vc_video-align-left\" >\n\t\t<div class=\"wpb_wrapper\">\n\t\t\t\n\t\t\t<div class=\"wpb_video_wrapper\"><iframe loading=\"lazy\" title=\"Cortejo na Vila Santa Isabel\" width=\"940\" height=\"529\" src=\"https:\/\/www.youtube.com\/embed\/EsMbsL2gwV8?feature=oembed\" frameborder=\"0\" allow=\"accelerometer; autoplay; clipboard-write; encrypted-media; gyroscope; picture-in-picture\" allowfullscreen><\/iframe><\/div>\n\t\t<\/div>\n\t<\/div>\n<\/div><\/div><\/div><\/div><\/div><\/div><div id=\"fws_69f211eb5ad00\" class=\"wpb_row vc_row vc_row-fluid  animate_onoffset row-dynamic-el standard_section    normal\"  style=\"\"><div  style=\"position: absolute;top: 0;\"><\/div><div class=\"container  dark\"><div class=\"section_clear\"><div class=\"wpb_column column_container wpb_column vc_column_container vc_col-sm-12\"><div class=\"vc_column-inner\"  style=\"\" data-animation=\"none\" data-delay=\"\"><div class=\"wpb_wrapper\"><div class=\"wpb_content_element block_title section_title inner-square\"><span class=\"divider\"><span class=\"line\"><\/span><\/span><h1>EXILIUS - audiovisual<\/h1><p style=\"padding:0 22%;\">Registro Audiovisual do espet\u00e1culo Exilius. Realizado com recursos do Edital Proac LAB 41\/2020.<\/p><\/div><\/div><\/div><\/div><\/div><\/div><\/div><div id=\"fws_69f211eb5b289\" class=\"wpb_row vc_row vc_row-fluid  animate_onoffset row-dynamic-el standard_section    normal\"  style=\"\"><div  style=\"position: absolute;top: 0;\"><\/div><div class=\"container  dark\"><div class=\"section_clear\"><div class=\"wpb_column column_container wpb_column vc_column_container vc_col-sm-6\"><div class=\"vc_column-inner\"  style=\"\" data-animation=\"none\" data-delay=\"\"><div class=\"wpb_wrapper\">\n\t<div class=\"wpb_video_widget wpb_content_element vc_clearfix   vc_video-aspect-ratio-169 vc_video-el-width-100 vc_video-align-left\" >\n\t\t<div class=\"wpb_wrapper\">\n\t\t\t\n\t\t\t<div class=\"wpb_video_wrapper\"><iframe loading=\"lazy\" title=\"EXILIUS GRUPO MATULA TEATRO\" width=\"940\" height=\"529\" src=\"https:\/\/www.youtube.com\/embed\/XY8QRw_V70Q?feature=oembed\" frameborder=\"0\" allow=\"accelerometer; autoplay; clipboard-write; encrypted-media; gyroscope; picture-in-picture\" allowfullscreen><\/iframe><\/div>\n\t\t<\/div>\n\t<\/div>\n<\/div><\/div><\/div><div class=\"wpb_column column_container wpb_column vc_column_container vc_col-sm-6\"><div class=\"vc_column-inner\"  style=\"\" data-animation=\"none\" data-delay=\"\"><div class=\"wpb_wrapper\"><\/div><\/div><\/div><\/div><\/div><\/div><div id=\"fws_69f211eb5c03a\" class=\"wpb_row vc_row vc_row-fluid  animate_onoffset row-dynamic-el standard_section    normal\"  style=\"\"><div  style=\"position: absolute;top: 0;\"><\/div><div class=\"container  dark\"><div class=\"section_clear\"><div class=\"wpb_column column_container wpb_column vc_column_container vc_col-sm-12\"><div class=\"vc_column-inner\"  style=\"\" data-animation=\"none\" data-delay=\"\"><div class=\"wpb_wrapper\"><div class=\"wpb_content_element block_title section_title inner-square\"><span class=\"divider\"><span class=\"line\"><\/span><\/span><h1>QUEM? Entre Muros e Pontes<\/h1><p style=\"padding:0 22%;\"><\/p>\n<p style=\"text-align: justify;\">Document\u00e1rio realizado pela Maria Farinha Filmes sobre a luta do povo Saharaui pela autodetermina\u00e7\u00e3o. Nossa integrante Erika Cunha \u00e9 pesquisadora da Causa Saharaui e esteve na Associa\u00e7\u00e3o Jaima Saharaui (Italia) e nos Acampamentos de refugiados Saharaui (Tindouf). Neste document\u00e1rio trabalhou como Produtora\/pesquisadora Saharaui.<\/p>\n<p><\/p><\/div><\/div><\/div><\/div><\/div><\/div><\/div><div id=\"fws_69f211eb5c5d7\" class=\"wpb_row vc_row vc_row-fluid  animate_onoffset row-dynamic-el standard_section    normal\"  style=\"\"><div  style=\"position: absolute;top: 0;\"><\/div><div class=\"container  dark\"><div class=\"section_clear\"><div class=\"wpb_column column_container wpb_column vc_column_container vc_col-sm-12\"><div class=\"vc_column-inner\"  style=\"\" data-animation=\"none\" data-delay=\"\"><div class=\"wpb_wrapper\">\n\t<div class=\"wpb_video_widget wpb_content_element vc_clearfix   vc_video-aspect-ratio-169 vc_video-el-width-100 vc_video-align-left\" >\n\t\t<div class=\"wpb_wrapper\">\n\t\t\t\n\t\t\t<div class=\"wpb_video_wrapper\"><iframe loading=\"lazy\" title=\"QUEM? Entre Muros e Pontes\" width=\"940\" height=\"529\" src=\"https:\/\/www.youtube.com\/embed\/yhG-1ageQLw?start=917&feature=oembed\" frameborder=\"0\" allow=\"accelerometer; autoplay; clipboard-write; encrypted-media; gyroscope; picture-in-picture; web-share\" referrerpolicy=\"strict-origin-when-cross-origin\" allowfullscreen><\/iframe><\/div>\n\t\t<\/div>\n\t<\/div>\n<\/div><\/div><\/div><\/div><\/div><\/div>","protected":false},"excerpt":{"rendered":"Nesta p\u00e1gina do site voc\u00ea pode encontrar diferentes produ\u00e7\u00f5es audiovisuais e rastros de processos criativos da trajet\u00f3ria Matula.\u00a0 No CINE MATULA est\u00e3o dispon\u00edveis v\u00eddeos de espet\u00e1culos fora de repert\u00f3rio, uma webs\u00e9rie produzida em 2015 durante projeto de circula\u00e7\u00e3o, document\u00e1rios sobre processos de cria\u00e7\u00e3o, registros do projeto Po\u00e9ticas na Vila, e outras surpresas\u2026 Pode pegar a [...]","protected":false},"author":1,"featured_media":0,"parent":0,"menu_order":0,"comment_status":"closed","ping_status":"closed","template":"","meta":{"footnotes":""},"class_list":["post-9183","page","type-page","status-publish","hentry"],"_links":{"self":[{"href":"https:\/\/grupomatulateatro.com\/en\/wp-json\/wp\/v2\/pages\/9183","targetHints":{"allow":["GET"]}}],"collection":[{"href":"https:\/\/grupomatulateatro.com\/en\/wp-json\/wp\/v2\/pages"}],"about":[{"href":"https:\/\/grupomatulateatro.com\/en\/wp-json\/wp\/v2\/types\/page"}],"author":[{"embeddable":true,"href":"https:\/\/grupomatulateatro.com\/en\/wp-json\/wp\/v2\/users\/1"}],"replies":[{"embeddable":true,"href":"https:\/\/grupomatulateatro.com\/en\/wp-json\/wp\/v2\/comments?post=9183"}],"version-history":[{"count":24,"href":"https:\/\/grupomatulateatro.com\/en\/wp-json\/wp\/v2\/pages\/9183\/revisions"}],"predecessor-version":[{"id":10454,"href":"https:\/\/grupomatulateatro.com\/en\/wp-json\/wp\/v2\/pages\/9183\/revisions\/10454"}],"wp:attachment":[{"href":"https:\/\/grupomatulateatro.com\/en\/wp-json\/wp\/v2\/media?parent=9183"}],"curies":[{"name":"wp","href":"https:\/\/api.w.org\/{rel}","templated":true}]}}